{"id":2668,"date":"2023-01-26T19:20:20","date_gmt":"2023-01-26T19:20:20","guid":{"rendered":"https:\/\/klacon.com.br\/novo\/?page_id=2668"},"modified":"2023-01-26T19:30:33","modified_gmt":"2023-01-26T19:30:33","slug":"politica-de-privacidade","status":"publish","type":"page","link":"https:\/\/klacon.com.br\/novo\/politica-de-privacidade\/","title":{"rendered":"Pol\u00edtica de Privacidade"},"content":{"rendered":"<p><span style=\"font-weight: 400;\"><br \/>\n<\/span><span style=\"font-weight: 400;\"><br \/>\n<\/span><span style=\"font-weight: 400;\">Este site \u00e9 mantido e operado por KLACON ENGENHARIA LTDA.<\/span><\/p>\n<p><span style=\"font-weight: 400;\">N\u00f3s coletamos e utilizamos alguns dados pessoais que pertencem \u00e0queles que utilizam nosso site. Ao faz\u00ea-lo, agimos na qualidade de <\/span><b>controlador<\/b><span style=\"font-weight: 400;\"> desses dados e estamos sujeitos \u00e0s disposi\u00e7\u00f5es da Lei Federal n. 13.709\/2018 (Lei Geral de Prote\u00e7\u00e3o de Dados Pessoais &#8211; LGPD).<\/span><\/p>\n<p><span style=\"font-weight: 400;\">N\u00f3s cuidamos da prote\u00e7\u00e3o de seus dados pessoais e, por isso, disponibilizamos esta pol\u00edtica de privacidade, que cont\u00e9m informa\u00e7\u00f5es importantes sobre:<\/span><\/p>\n<p><span style=\"font-weight: 400;\">&#8211; Quem deve utilizar nosso site<\/span> <span style=\"font-weight: 400;\">\u00a0<\/span><span style=\"font-weight: 400;\"><br \/>\n<\/span><span style=\"font-weight: 400;\">&#8211; Quais dados coletamos e o que fazemos com eles;<\/span> <span style=\"font-weight: 400;\">\u00a0<\/span><span style=\"font-weight: 400;\"><br \/>\n<\/span><span style=\"font-weight: 400;\">&#8211; Seus direitos em rela\u00e7\u00e3o aos seus dados pessoais; e<\/span> <span style=\"font-weight: 400;\">\u00a0<\/span><span style=\"font-weight: 400;\"><br \/>\n<\/span><span style=\"font-weight: 400;\">&#8211; Como entrar em contato conosco.<\/span><\/p>\n<ol>\n<li><b>Dados que coletamos e motivos da coleta<\/b><\/li>\n<\/ol>\n<p><span style=\"font-weight: 400;\"><br \/>\n<\/span><span style=\"font-weight: 400;\">Nosso site coleta e utiliza alguns dados pessoais de nossos usu\u00e1rios, de acordo com o disposto nesta se\u00e7\u00e3o.<\/span><\/p>\n<ol>\n<li><i><span style=\"font-weight: 400;\"> Dados pessoais fornecidos expressamente pelo usu\u00e1rio<\/span><\/i><\/li>\n<\/ol>\n<p><span style=\"font-weight: 400;\"><br \/>\n<\/span><span style=\"font-weight: 400;\">N\u00f3s coletamos os seguintes dados pessoais que nossos usu\u00e1rios nos fornecem expressamente ao utilizar nosso site:<\/span><\/p>\n<p><span style=\"font-weight: 400;\">Formul\u00e1rios de Contato do Site:<\/span> <span style=\"font-weight: 400;\">\u00a0<\/span><span style=\"font-weight: 400;\"><br \/>\n<\/span><span style=\"font-weight: 400;\">&#8211; Nome;<\/span> <span style=\"font-weight: 400;\">\u00a0<\/span><span style=\"font-weight: 400;\"><br \/>\n<\/span><span style=\"font-weight: 400;\">&#8211; CPF (para cadastro de Assist\u00eancia T\u00e9cnica);<\/span> <span style=\"font-weight: 400;\">\u00a0<\/span><span style=\"font-weight: 400;\"><br \/>\n<\/span><span style=\"font-weight: 400;\">&#8211; E-mail;<\/span> <span style=\"font-weight: 400;\">\u00a0<\/span><span style=\"font-weight: 400;\"><br \/>\n<\/span><span style=\"font-weight: 400;\">&#8211; DDD + Telefone;<\/span> <span style=\"font-weight: 400;\">\u00a0<\/span><span style=\"font-weight: 400;\"><br \/>\n<\/span><span style=\"font-weight: 400;\">&#8211; DDD + Celular;<\/span> <span style=\"font-weight: 400;\">\u00a0<\/span><span style=\"font-weight: 400;\"><br \/>\n<\/span><span style=\"font-weight: 400;\">&#8211; Endere\u00e7o;<\/span><\/p>\n<p><span style=\"font-weight: 400;\">A coleta destes dados ocorre nos seguintes momentos:<\/span><\/p>\n<p><span style=\"font-weight: 400;\">&#8211; Solicita\u00e7\u00e3o de contato atrav\u00e9s do formul\u00e1rio de &#8220;Fale Conosco&#8221;;<\/span> <span style=\"font-weight: 400;\"><br \/>\n<\/span><span style=\"font-weight: 400;\">&#8211; Solicita\u00e7\u00e3o de contato atrav\u00e9s do formul\u00e1rio de &#8220;Ofere\u00e7a seu Terreno&#8221;;<\/span> <span style=\"font-weight: 400;\"><br \/>\n<\/span><span style=\"font-weight: 400;\">&#8211; Solicita\u00e7\u00e3o de contato atrav\u00e9s do formul\u00e1rio de &#8220;Trabalhe Conosco&#8221;;<\/span> <span style=\"font-weight: 400;\"><br \/>\n<\/span><span style=\"font-weight: 400;\">&#8211; Solicita\u00e7\u00e3o de contato atrav\u00e9s do formul\u00e1rio de &#8220;Seja Fornecedor&#8221;;<\/span> <span style=\"font-weight: 400;\">\u00a0<\/span><\/p>\n<p><span style=\"font-weight: 400;\">&#8211; Solicita\u00e7\u00e3o de contato atrav\u00e9s do formul\u00e1rio de &#8220;Telefone&#8221;;<\/span> <span style=\"font-weight: 400;\"><br \/>\n<\/span><span style=\"font-weight: 400;\">&#8211; Solicita\u00e7\u00e3o de contato atrav\u00e9s do formul\u00e1rio &#8220;Contato por E-mail&#8221;;\u00a0<\/span><span style=\"font-weight: 400;\"><br \/>\n<\/span><span style=\"font-weight: 400;\">&#8211; Solicita\u00e7\u00e3o de contato atrav\u00e9s do sistema de &#8220;Chat Online&#8221;;<\/span><span style=\"font-weight: 400;\"><br \/>\n<\/span><span style=\"font-weight: 400;\">&#8211; Solicita\u00e7\u00e3o de contato atrav\u00e9s do formul\u00e1rio de &#8220;Whatsapp&#8221;;<\/span><span style=\"font-weight: 400;\"><br \/>\n<\/span><span style=\"font-weight: 400;\">&#8211; Solicita\u00e7\u00e3o de cadastro atrav\u00e9s do formul\u00e1rio de &#8220;Entre em contato&#8221;;<\/span><span style=\"font-weight: 400;\"><br \/>\n<\/span><span style=\"font-weight: 400;\">&#8211; Solicita\u00e7\u00e3o de cadastro atrav\u00e9s do formul\u00e1rio de &#8220;Assist\u00eancia T\u00e9cnica&#8221;;<\/span><\/p>\n<p><span style=\"font-weight: 400;\">Os dados fornecidos por nossos usu\u00e1rios s\u00e3o coletados com as seguintes finalidades:<\/span><\/p>\n<p><span style=\"font-weight: 400;\">&#8211; Para que o usu\u00e1rio possa receber mais informa\u00e7\u00f5es sobre um ou mais im\u00f3veis espec\u00edficos e tamb\u00e9m receber novas ofertas de novas unidades de im\u00f3veis.<\/span> <span style=\"font-weight: 400;\">\u00a0<\/span><span style=\"font-weight: 400;\"><br \/>\n<\/span><span style=\"font-weight: 400;\">&#8211; Para o esclarecimento de alguma d\u00favida, fazer um elogio ou reclama\u00e7\u00e3o.<\/span><\/p>\n<ol start=\"2\">\n<li><i><span style=\"font-weight: 400;\"> Dados pessoais obtidos de outras formas<\/span><\/i><\/li>\n<\/ol>\n<p><span style=\"font-weight: 400;\">N\u00f3s coletamos os seguintes dados pessoais de nossos usu\u00e1rios:<\/span><\/p>\n<p><span style=\"font-weight: 400;\">&#8211; Endere\u00e7o IP<\/span> <span style=\"font-weight: 400;\">\u00a0<\/span><span style=\"font-weight: 400;\"><br \/>\n<\/span><span style=\"font-weight: 400;\">&#8211; Dados de Geolocaliza\u00e7\u00e3o<\/span> <span style=\"font-weight: 400;\">\u00a0<\/span><span style=\"font-weight: 400;\"><br \/>\n<\/span><span style=\"font-weight: 400;\">&#8211; Hist\u00f3rico de navega\u00e7\u00e3o e fluxo de acesso ao site.<\/span><\/p>\n<p><span style=\"font-weight: 400;\">A coleta destes dados ocorre nos seguintes momentos:<\/span><\/p>\n<p><span style=\"font-weight: 400;\">&#8211; Ao acessar o site e aceitar os Cookies;<\/span> <span style=\"font-weight: 400;\">\u00a0<\/span><span style=\"font-weight: 400;\"><br \/>\n<\/span><span style=\"font-weight: 400;\">&#8211; Ao navegar nas p\u00e1ginas do site;<\/span> <span style=\"font-weight: 400;\">\u00a0<\/span><span style=\"font-weight: 400;\"><br \/>\n<\/span><span style=\"font-weight: 400;\">&#8211; Ao fazer login em &#8220;Minha Lista&#8221;;<\/span> <span style=\"font-weight: 400;\">\u00a0<\/span><span style=\"font-weight: 400;\"><br \/>\n<\/span><span style=\"font-weight: 400;\">&#8211; Ao salvar im\u00f3veis em seus Favoritos;<\/span><\/p>\n<p><span style=\"font-weight: 400;\">Estes dados s\u00e3o coletados com as seguintes finalidades:<\/span><\/p>\n<p><span style=\"font-weight: 400;\">&#8211; Personalizar a experi\u00eancia do usu\u00e1rio;<\/span> <span style=\"font-weight: 400;\">\u00a0<\/span><span style=\"font-weight: 400;\"><br \/>\n<\/span><span style=\"font-weight: 400;\">&#8211; Parametrizar op\u00e7\u00f5es de ofertas de im\u00f3veis;<\/span> <span style=\"font-weight: 400;\">\u00a0<\/span><span style=\"font-weight: 400;\"><br \/>\n<\/span><span style=\"font-weight: 400;\">&#8211; Mapear o uso do site;<\/span> <span style=\"font-weight: 400;\">\u00a0<\/span><span style=\"font-weight: 400;\"><br \/>\n<\/span><span style=\"font-weight: 400;\">&#8211; Analisar a aceita\u00e7\u00e3o do conte\u00fado ofertado.<\/span><\/p>\n<ol start=\"3\">\n<li><i><span style=\"font-weight: 400;\"> Dados sens\u00edveis<\/span><\/i><\/li>\n<\/ol>\n<p><b>N\u00e3o<\/b><span style=\"font-weight: 400;\"> ser\u00e3o coletados dados sens\u00edveis de nossos usu\u00e1rios, assim entendidos aqueles definidos nos arts. 11 e seguintes da Lei de Prote\u00e7\u00e3o de Dados Pessoais. Assim, <\/span><b>n\u00e3o<\/b><span style=\"font-weight: 400;\"> haver\u00e1 coleta de dados sobre origem racial ou \u00e9tnica, convic\u00e7\u00e3o religiosa, opini\u00e3o pol\u00edtica, filia\u00e7\u00e3o a sindicato ou a organiza\u00e7\u00e3o de car\u00e1ter religioso, filos\u00f3fico ou pol\u00edtico, dado referente \u00e0 sa\u00fade ou \u00e0 vida sexual, dado gen\u00e9tico ou biom\u00e9trico, quando vinculado a uma pessoa natural.<\/span><\/p>\n<ol start=\"4\">\n<li><i><span style=\"font-weight: 400;\"> Cookies<\/span><\/i><\/li>\n<\/ol>\n<p><i><span style=\"font-weight: 400;\">Cookies<\/span><\/i><span style=\"font-weight: 400;\"> s\u00e3o pequenos arquivos de texto baixados automaticamente em seu dispositivo quando voc\u00ea acessa e navega por um site. Eles servem, basicamente, para que seja poss\u00edvel identificar dispositivos, atividades e prefer\u00eancias de usu\u00e1rios.<\/span><\/p>\n<p><span style=\"font-weight: 400;\">Os <\/span><i><span style=\"font-weight: 400;\">cookies<\/span><\/i><span style=\"font-weight: 400;\"> n\u00e3o permitem que qualquer arquivo ou informa\u00e7\u00e3o sejam extra\u00eddos do disco r\u00edgido do usu\u00e1rio, n\u00e3o sendo poss\u00edvel, ainda, que, por meio deles, se tenha acesso a informa\u00e7\u00f5es pessoais que n\u00e3o tenham partido do usu\u00e1rio ou da forma como utiliza os recursos do site.<\/span><\/p>\n<ol>\n<li><i><span style=\"font-weight: 400;\"> Cookies do<\/span><\/i> <i><span style=\"font-weight: 400;\">site<\/span><\/i><\/li>\n<\/ol>\n<p><span style=\"font-weight: 400;\">Os <\/span><i><span style=\"font-weight: 400;\">cookies<\/span><\/i><span style=\"font-weight: 400;\"> do site s\u00e3o aqueles enviados ao computador ou dispositivo do usu\u00e1rio e administrador exclusivamente pelo site.<\/span><\/p>\n<p><span style=\"font-weight: 400;\">As informa\u00e7\u00f5es coletadas por meio destes <\/span><i><span style=\"font-weight: 400;\">cookies<\/span><\/i><span style=\"font-weight: 400;\"> s\u00e3o utilizadas para melhorar e personalizar a experi\u00eancia do usu\u00e1rio, sendo que alguns <\/span><i><span style=\"font-weight: 400;\">cookies<\/span><\/i><span style=\"font-weight: 400;\"> podem, por exemplo, ser utilizados para lembrar as prefer\u00eancias e escolhas do usu\u00e1rio, bem como para o oferecimento de conte\u00fado personalizado.<\/span><\/p>\n<ol>\n<li><i><span style=\"font-weight: 400;\"> Cookies de terceiros<\/span><\/i><\/li>\n<\/ol>\n<p><span style=\"font-weight: 400;\"><br \/>\n<\/span><span style=\"font-weight: 400;\">Alguns de nossos parceiros podem configurar <\/span><i><span style=\"font-weight: 400;\">cookies<\/span><\/i><span style=\"font-weight: 400;\"> nos dispositivos dos usu\u00e1rios que acessam nosso site.<\/span><\/p>\n<p><span style=\"font-weight: 400;\">Estes <\/span><i><span style=\"font-weight: 400;\">cookies<\/span><\/i><span style=\"font-weight: 400;\">, em geral, visam possibilitar que nossos parceiros possam oferecer seu conte\u00fado e seus servi\u00e7os ao usu\u00e1rio que acessa nosso site de forma personalizada, por meio da obten\u00e7\u00e3o de dados de navega\u00e7\u00e3o extra\u00eddos a partir de sua intera\u00e7\u00e3o com o site.<\/span><\/p>\n<p><span style=\"font-weight: 400;\">O usu\u00e1rio poder\u00e1 obter mais informa\u00e7\u00f5es sobre os <\/span><i><span style=\"font-weight: 400;\">cookies<\/span><\/i><span style=\"font-weight: 400;\"> de terceiro e sobre a forma como os dados obtidos a partir dele s\u00e3o tratados, al\u00e9m de ter acesso \u00e0 descri\u00e7\u00e3o dos <\/span><i><span style=\"font-weight: 400;\">cookies<\/span><\/i><span style=\"font-weight: 400;\"> utilizados e de suas caracter\u00edsticas, acessando o seguinte <\/span><i><span style=\"font-weight: 400;\">link<\/span><\/i><span style=\"font-weight: 400;\">:<\/span><\/p>\n<p><span style=\"font-weight: 400;\">-Google Ads e Analytics:\u00a0<\/span><\/p>\n<p><a href=\"https:\/\/static.googleusercontent.com\/media\/www.google.com\/pt-BR\/\/intl\/pt-BR\/policies\/privacy\/google_privacy_policy_pt-BR.pdf\"><span style=\"font-weight: 400;\">https:\/\/static.googleusercontent.com\/media\/www.google.com\/pt-BR\/\/intl\/pt-BR\/policies\/privacy\/google_privacy_policy_pt-BR.pdf<\/span><\/a> <span style=\"font-weight: 400;\"><br \/>\n<\/span><span style=\"font-weight: 400;\">\u00a0<\/span><span style=\"font-weight: 400;\"><br \/>\n<\/span><span style=\"font-weight: 400;\">&#8211; Facebook:\u00a0<\/span><\/p>\n<p><a href=\"https:\/\/www.facebook.com\/policy.php\"><span style=\"font-weight: 400;\">https:\/\/www.facebook.com\/policy.php<\/span><\/a> <span style=\"font-weight: 400;\">\u00a0<\/span><span style=\"font-weight: 400;\"><br \/>\n<\/span><span style=\"font-weight: 400;\">\u00a0<\/span><span style=\"font-weight: 400;\"><br \/>\n<\/span><span style=\"font-weight: 400;\">&#8211; Instagram:\u00a0<\/span><\/p>\n<p><a href=\"https:\/\/www.instagram.com\/terms\/accept\/?hl=pt-br\"><span style=\"font-weight: 400;\">https:\/\/www.instagram.com\/terms\/accept\/?hl=pt-br<\/span><\/a> <span style=\"font-weight: 400;\"><br \/>\n<\/span><a href=\"https:\/\/www.facebook.com\/help\/instagram\/519522125107875\"><span style=\"font-weight: 400;\">https:\/\/www.facebook.com\/help\/instagram\/519522125107875<\/span><\/a> <span style=\"font-weight: 400;\">\u00a0<\/span><span style=\"font-weight: 400;\"><br \/>\n<\/span><span style=\"font-weight: 400;\">\u00a0<\/span><span style=\"font-weight: 400;\"><br \/>\n<\/span><span style=\"font-weight: 400;\">&#8211; RD Station:\u00a0<\/span><\/p>\n<p><a href=\"https:\/\/www.rdstation.com\/pt\/politica-de-privacidade\/\"><span style=\"font-weight: 400;\">https:\/\/www.rdstation.com\/pt\/politica-de-privacidade\/<\/span><\/a><span style=\"font-weight: 400;\">\u00a0<\/span><\/p>\n<p><span style=\"font-weight: 400;\">As entidades encarregadas da coleta dos <\/span><i><span style=\"font-weight: 400;\">cookies<\/span><\/i><span style=\"font-weight: 400;\"> poder\u00e3o ceder as informa\u00e7\u00f5es obtidas a terceiros.<\/span><\/p>\n<ol>\n<li><i><span style=\"font-weight: 400;\"> Gest\u00e3o de cookies<\/span><\/i><\/li>\n<\/ol>\n<p><span style=\"font-weight: 400;\">O usu\u00e1rio poder\u00e1 se opor \u00e0 utiliza\u00e7\u00e3o de <\/span><i><span style=\"font-weight: 400;\">cookies<\/span><\/i><span style=\"font-weight: 400;\"> pelo site, bastando que os desative no momento em que come\u00e7a a utilizar o servi\u00e7o, seguindo as seguintes instru\u00e7\u00f5es:<\/span><\/p>\n<p><span style=\"font-weight: 400;\">Assim que entrar no site, o usu\u00e1rio ter\u00e1 a op\u00e7\u00e3o de &#8220;Aceitar&#8221; ou &#8220;N\u00e3o Aceitar&#8221; a utiliza\u00e7\u00e3o de cookies, bastando que selecione a op\u00e7\u00e3o correspondente na caixa de di\u00e1logo (pop up) carregada automaticamente assim que nossa p\u00e1gina \u00e9 acessada.<\/span><\/p>\n<p><span style=\"font-weight: 400;\">A desativa\u00e7\u00e3o de todos os <\/span><i><span style=\"font-weight: 400;\">cookies<\/span><\/i><span style=\"font-weight: 400;\">, no entanto, n\u00e3o ser\u00e1 poss\u00edvel, uma vez que alguns deles s\u00e3o essenciais para que o site funcione corretamente.<\/span><\/p>\n<p><span style=\"font-weight: 400;\">Al\u00e9m disso, a desativa\u00e7\u00e3o dos <\/span><i><span style=\"font-weight: 400;\">cookies<\/span><\/i><span style=\"font-weight: 400;\"> que podem ser desabilitados poder\u00e1 prejudicar a experi\u00eancia do usu\u00e1rio, uma vez que informa\u00e7\u00f5es utilizadas para personaliz\u00e1-la deixar\u00e3o de ser utilizadas.<\/span><\/p>\n<ol start=\"5\">\n<li><i><span style=\"font-weight: 400;\"> Coleta de dados n\u00e3o previstos expressamente<\/span><\/i><\/li>\n<\/ol>\n<p><span style=\"font-weight: 400;\">Eventualmente, outros tipos de dados n\u00e3o previstos expressamente nesta Pol\u00edtica de Privacidade poder\u00e3o ser coletados, desde que sejam fornecidos com o consentimento do usu\u00e1rio, ou, ainda, que a coleta seja permitida com fundamento em outra base legal prevista em lei.<\/span><\/p>\n<p><span style=\"font-weight: 400;\">Em qualquer caso, a coleta de dados e as atividades de tratamento dela decorrentes ser\u00e3o informadas aos usu\u00e1rios do site.<\/span><\/p>\n<ol start=\"2\">\n<li><b>Compartilhamento de dados pessoais com terceiros<\/b><\/li>\n<\/ol>\n<p><span style=\"font-weight: 400;\">N\u00f3s n\u00e3o compartilhamos seus dados pessoais com terceiros. Apesar disso, \u00e9 poss\u00edvel que o fa\u00e7amos para cumprir alguma determina\u00e7\u00e3o legal ou regulat\u00f3ria, ou, ainda, para cumprir alguma ordem expedida por autoridade p\u00fablica.<\/span><\/p>\n<ol start=\"3\">\n<li><b>Por quanto tempo seus dados pessoais ser\u00e3o armazenados<\/b><\/li>\n<\/ol>\n<p><span style=\"font-weight: 400;\">Os dados pessoais que coletamos ser\u00e3o armazenados e utilizados pelos seguintes per\u00edodos de tempo:<\/span><\/p>\n<p><span style=\"font-weight: 400;\">&#8211; Os dados de login em &#8220;Minha Lista&#8221; ser\u00e3o armazenados enquanto o usu\u00e1rio estiver com a conta ativa, podendo a qualquer momento requerer a remo\u00e7\u00e3o de sua conta e acesso.<\/span> <span style=\"font-weight: 400;\">\u00a0<\/span><span style=\"font-weight: 400;\"><br \/>\n<\/span><span style=\"font-weight: 400;\">&#8211; Os dados coletados em formul\u00e1rios de interesse em im\u00f3veis, permanecer\u00e3o armazenados sob nossos cuidados e em seguran\u00e7a at\u00e9 o momento que o usu\u00e1rio solicitar ou o mesmo fazer a remo\u00e7\u00e3o, pois entenderemos que, enquanto n\u00e3o solicitar a sua remo\u00e7\u00e3o, o mesmo ainda ter\u00e1 o interesse de receber mais informa\u00e7\u00f5es sobre im\u00f3veis, para os quais ele solicitou e outros que julgamos como fazer parte de seu interesse.<\/span><\/p>\n<p><span style=\"font-weight: 400;\">Os per\u00edodos informados n\u00e3o s\u00e3o superiores ao estritamente necess\u00e1rio, atendendo \u00e0s finalidades e \u00e0s justificativas legais para o tratamento dos dados.<\/span><\/p>\n<p><span style=\"font-weight: 400;\">Vale dizer que, se houver alguma justificativa legal ou regulat\u00f3ria, os dados poder\u00e3o continuar armazenados ainda que a finalidade para a qual foram coletados ou tenham sido tratados tenha se exaurido.<\/span><\/p>\n<p><span style=\"font-weight: 400;\">Uma vez finalizado o tratamento, observadas as disposi\u00e7\u00f5es desta se\u00e7\u00e3o, os dados s\u00e3o apagados ou anonimizados.<\/span><\/p>\n<ol start=\"4\">\n<li><b>Bases legais para o tratamento de dados pessoais<\/b><\/li>\n<\/ol>\n<p><span style=\"font-weight: 400;\"><br \/>\n<\/span><span style=\"font-weight: 400;\">Uma base legal para o tratamento de dados pessoais nada mais \u00e9 que um fundamento jur\u00eddico, previsto em lei, que o justifica. Assim, cada opera\u00e7\u00e3o de tratamento de dados pessoais precisa ter uma base legal a ela correspondente.<\/span><\/p>\n<p><span style=\"font-weight: 400;\"><br \/>\n<\/span><span style=\"font-weight: 400;\">N\u00f3s tratamos os dados pessoais de nossos usu\u00e1rios nas seguintes hip\u00f3teses:<\/span><\/p>\n<p><span style=\"font-weight: 400;\">&#8211; mediante o consentimento do titular dos dados pessoais<\/span><\/p>\n<p><span style=\"font-weight: 400;\">&#8211; quando necess\u00e1rio para atender aos interesses leg\u00edtimos do controlador ou de terceiro<\/span><\/p>\n<ol>\n<li><i><span style=\"font-weight: 400;\"> Consentimento<\/span><\/i><\/li>\n<\/ol>\n<p><span style=\"font-weight: 400;\">Determinadas opera\u00e7\u00f5es de tratamento de dados pessoais realizadas em nosso site depender\u00e3o da pr\u00e9via concord\u00e2ncia do usu\u00e1rio, que dever\u00e1 manifest\u00e1-la de forma livre, informada e inequ\u00edvoca.<\/span><\/p>\n<p><span style=\"font-weight: 400;\">O usu\u00e1rio poder\u00e1 revogar seu consentimento a qualquer momento, sendo que, n\u00e3o havendo hip\u00f3tese legal que permita ou que demande o armazenamento dos dados, os dados fornecidos mediante consentimento ser\u00e3o exclu\u00eddos.<\/span><\/p>\n<p><span style=\"font-weight: 400;\">Al\u00e9m disso, se desejar, o usu\u00e1rio poder\u00e1 n\u00e3o concordar com alguma opera\u00e7\u00e3o de tratamento de dados pessoais baseada no consentimento. Nestes casos, por\u00e9m, \u00e9 poss\u00edvel que n\u00e3o possa utilizar alguma funcionalidade do site que dependa daquela opera\u00e7\u00e3o. As consequ\u00eancias da falta de consentimento para uma atividade espec\u00edfica s\u00e3o informadas previamente ao tratamento.<\/span><\/p>\n<ol start=\"2\">\n<li><i><span style=\"font-weight: 400;\"> Leg\u00edtimo interesse<\/span><\/i><\/li>\n<\/ol>\n<p><span style=\"font-weight: 400;\">Para determinadas opera\u00e7\u00f5es de tratamento de dados pessoais, nos baseamos exclusivamente em nosso interesse leg\u00edtimo. Para saber mais sobre em quais casos, especificamente, nos valemos desta base legal, ou para obter mais informa\u00e7\u00f5es sobre os testes que fazemos para termos certeza de que podemos utiliz\u00e1-la, entre em contato com nosso Encarregado de Prote\u00e7\u00e3o de Dados Pessoais por algum dos canais informados nesta Pol\u00edtica de Privacidade, na se\u00e7\u00e3o &#8220;Como entrar em contato conosco&#8221;.<\/span><\/p>\n<ol start=\"5\">\n<li><b>Direitos do usu\u00e1rio<\/b><\/li>\n<\/ol>\n<p><span style=\"font-weight: 400;\">O usu\u00e1rio do site possui os seguintes direitos, conferidos pela Lei de Prote\u00e7\u00e3o de Dados Pessoais:<\/span><\/p>\n<p><span style=\"font-weight: 400;\">&#8211; confirma\u00e7\u00e3o da exist\u00eancia de tratamento;<\/span> <span style=\"font-weight: 400;\">\u00a0<\/span><span style=\"font-weight: 400;\"><br \/>\n<\/span><span style=\"font-weight: 400;\">&#8211; acesso aos dados;<\/span> <span style=\"font-weight: 400;\">\u00a0<\/span><span style=\"font-weight: 400;\"><br \/>\n<\/span><span style=\"font-weight: 400;\">&#8211; corre\u00e7\u00e3o de dados incompletos, inexatos ou desatualizados;<\/span> <span style=\"font-weight: 400;\">\u00a0<\/span><span style=\"font-weight: 400;\"><br \/>\n<\/span><span style=\"font-weight: 400;\">&#8211; anonimiza\u00e7\u00e3o, bloqueio ou elimina\u00e7\u00e3o de dados desnecess\u00e1rios, excessivos ou tratados em desconformidade com o disposto na lei;<\/span> <span style=\"font-weight: 400;\">\u00a0<\/span><span style=\"font-weight: 400;\"><br \/>\n<\/span><span style=\"font-weight: 400;\">&#8211; portabilidade dos dados a outro fornecedor de servi\u00e7o ou produto, mediante requisi\u00e7\u00e3o expressa, de acordo com a regulamenta\u00e7\u00e3o da autoridade nacional, observados os segredos comercial e industrial;<\/span> <span style=\"font-weight: 400;\">\u00a0<\/span><span style=\"font-weight: 400;\"><br \/>\n<\/span><span style=\"font-weight: 400;\">&#8211; elimina\u00e7\u00e3o dos dados pessoais tratados com o consentimento do titular, exceto nos casos previstos em lei;<\/span> <span style=\"font-weight: 400;\">\u00a0<\/span><span style=\"font-weight: 400;\"><br \/>\n<\/span><span style=\"font-weight: 400;\">&#8211; informa\u00e7\u00e3o das entidades p\u00fablicas e privadas com as quais o controlador realizou uso compartilhado de dados;<\/span> <span style=\"font-weight: 400;\">\u00a0<\/span><span style=\"font-weight: 400;\"><br \/>\n<\/span><span style=\"font-weight: 400;\">&#8211; informa\u00e7\u00e3o sobre a possibilidade de n\u00e3o fornecer consentimento e sobre as consequ\u00eancias da negativa;<\/span> <span style=\"font-weight: 400;\">\u00a0<\/span><span style=\"font-weight: 400;\"><br \/>\n<\/span><span style=\"font-weight: 400;\">&#8211; revoga\u00e7\u00e3o do consentimento.<\/span><\/p>\n<p><span style=\"font-weight: 400;\">\u00c9 importante destacar que, nos termos da LGPD, n\u00e3o existe um direito de elimina\u00e7\u00e3o de dados tratados com fundamento em bases legais distintas do consentimento, a menos que os dados sejam desnecess\u00e1rios, excessivos ou tratados em desconformidade com o previsto na lei.<\/span><\/p>\n<ol>\n<li><i><span style=\"font-weight: 400;\"> Como o titular pode exercer seus direitos<\/span><\/i><\/li>\n<\/ol>\n<p><span style=\"font-weight: 400;\">Os titulares de dados pessoais tratados por n\u00f3s poder\u00e3o exercer seus direitos por meio de pedido de acesso aos dados atrav\u00e9s do e-mail <\/span><a href=\"mailto:diretoria@klacon.com.br\"><span style=\"font-weight: 400;\">diretoria@klacon.com.br<\/span><\/a><span style=\"font-weight: 400;\">\u00a0<\/span><\/p>\n<p><span style=\"font-weight: 400;\">Alternativamente, se desejar, o titular poder\u00e1 enviar um <\/span><i><span style=\"font-weight: 400;\">e-mail<\/span><\/i><span style=\"font-weight: 400;\"> ou uma correspond\u00eancia ao nosso Encarregado de Prote\u00e7\u00e3o de Dados Pessoais. As informa\u00e7\u00f5es necess\u00e1rias para isso est\u00e3o na se\u00e7\u00e3o &#8220;Como entrar em contato conosco&#8221; desta Pol\u00edtica de Privacidade.<\/span><\/p>\n<p><span style=\"font-weight: 400;\">Os titulares de dados pessoais tratados por n\u00f3s poder\u00e3o exercer seus direitos a partir do envio de mensagem ao nosso Encarregado de Prote\u00e7\u00e3o de Dados Pessoais, seja por <\/span><i><span style=\"font-weight: 400;\">e-mail<\/span><\/i><span style=\"font-weight: 400;\"> ou por correspond\u00eancia. As informa\u00e7\u00f5es necess\u00e1rias para isso est\u00e3o na se\u00e7\u00e3o &#8220;Como entrar em contato conosco&#8221; desta Pol\u00edtica de Privacidade.<\/span><\/p>\n<p><span style=\"font-weight: 400;\">Para garantir que o usu\u00e1rio que pretende exercer seus direitos \u00e9, de fato, o titular dos dados pessoais objeto da requisi\u00e7\u00e3o, poderemos solicitar documentos ou outras informa\u00e7\u00f5es que possam auxiliar em sua correta identifica\u00e7\u00e3o, a fim de resguardar nossos direitos e os direitos de terceiros. Isto somente ser\u00e1 feito, por\u00e9m, se for absolutamente necess\u00e1rio, e o requerente receber\u00e1 todas as informa\u00e7\u00f5es relacionadas.<\/span><\/p>\n<ol start=\"6\">\n<li><b>Medidas de seguran\u00e7a no tratamento de dados pessoais<\/b><\/li>\n<\/ol>\n<p><span style=\"font-weight: 400;\"><br \/>\n<\/span><span style=\"font-weight: 400;\">Empregamos medidas t\u00e9cnicas e organizativas aptas a proteger os dados pessoais de acessos n\u00e3o autorizados e de situa\u00e7\u00f5es de destrui\u00e7\u00e3o, perda, extravio ou altera\u00e7\u00e3o desses dados.<\/span><\/p>\n<p><span style=\"font-weight: 400;\">As medidas que utilizamos levam em considera\u00e7\u00e3o a natureza dos dados, o contexto e a finalidade do tratamento, os riscos que uma eventual viola\u00e7\u00e3o geraria para os direitos e liberdades do usu\u00e1rio, e os padr\u00f5es atualmente empregados no mercado por empresas semelhantes \u00e0 nossa.<\/span><\/p>\n<p><span style=\"font-weight: 400;\">Entre as medidas de seguran\u00e7a adotadas por n\u00f3s, destacamos as seguintes:<\/span><\/p>\n<p><span style=\"font-weight: 400;\">&#8211; Armazenamento de senhas utilizando hashes criptogr\u00e1ficos; <\/span> <span style=\"font-weight: 400;\">\u00a0<\/span><span style=\"font-weight: 400;\"><br \/>\n<\/span><span style=\"font-weight: 400;\">&#8211; restri\u00e7\u00f5es de acessos a bancos de dados; <\/span> <span style=\"font-weight: 400;\">\u00a0<\/span><span style=\"font-weight: 400;\"><br \/>\n<\/span><span style=\"font-weight: 400;\">&#8211; monitoramento de acesso f\u00edsicos a servidores;<\/span> <span style=\"font-weight: 400;\">\u00a0<\/span><span style=\"font-weight: 400;\"><br \/>\n<\/span><span style=\"font-weight: 400;\">&#8211; Seguran\u00e7a de ataques de acordo com as pol\u00edticas da Amazon Aws.<\/span><\/p>\n<p><span style=\"font-weight: 400;\">Ainda que adote tudo o que est\u00e1 ao seu alcance para evitar incidentes de seguran\u00e7a, \u00e9 poss\u00edvel que ocorra algum problema motivado exclusivamente por um terceiro &#8211; como em caso de ataques de <\/span><i><span style=\"font-weight: 400;\">hackers<\/span><\/i><span style=\"font-weight: 400;\"> ou <\/span><i><span style=\"font-weight: 400;\">crackers<\/span><\/i><span style=\"font-weight: 400;\"> ou, ainda, em caso de culpa exclusiva do usu\u00e1rio, que ocorre, por exemplo, quando ele mesmo transfere seus dados a terceiro. Assim, embora sejamos, em geral, respons\u00e1veis pelos dados pessoais que tratamos, nos eximimos de responsabilidade caso ocorra uma situa\u00e7\u00e3o excepcional como essas, sobre as quais n\u00e3o temos nenhum tipo de controle.<\/span><\/p>\n<p><span style=\"font-weight: 400;\">De qualquer forma, caso ocorra qualquer tipo de incidente de seguran\u00e7a que possa gerar risco ou dano relevante para qualquer de nossos usu\u00e1rios, comunicaremos os afetados e a Autoridade Nacional de Prote\u00e7\u00e3o de Dados acerca do ocorrido, em conformidade com o disposto na Lei Geral de Prote\u00e7\u00e3o de Dados.<\/span><\/p>\n<ol start=\"7\">\n<li><b>Reclama\u00e7\u00e3o a uma autoridade de controle<\/b><\/li>\n<\/ol>\n<p><span style=\"font-weight: 400;\">Sem preju\u00edzo de qualquer outra via de recurso administrativo ou judicial, os titulares de dados pessoais que se sentirem, de qualquer forma, lesados, podem apresentar reclama\u00e7\u00e3o \u00e0 Autoridade Nacional de Prote\u00e7\u00e3o de Dados.<\/span><\/p>\n<ol start=\"8\">\n<li><b>Altera\u00e7\u00f5es nesta pol\u00edtica<\/b><\/li>\n<\/ol>\n<p><span style=\"font-weight: 400;\"><br \/>\n<\/span><span style=\"font-weight: 400;\">A presente vers\u00e3o desta Pol\u00edtica de Privacidade foi atualizada pela \u00faltima vez em: 25\/01\/2023.<\/span><\/p>\n<p><span style=\"font-weight: 400;\">Nos reservamos o direito de modificar, a qualquer momento, as presentes normas, especialmente para adapt\u00e1-las \u00e0s eventuais altera\u00e7\u00f5es feitas em nosso site, seja pela disponibiliza\u00e7\u00e3o de novas funcionalidades, seja pela supress\u00e3o ou modifica\u00e7\u00e3o daquelas j\u00e1 existentes.<\/span><\/p>\n<p><span style=\"font-weight: 400;\">Sempre que houver uma modifica\u00e7\u00e3o, nossos usu\u00e1rios ser\u00e3o notificados acerca da mudan\u00e7a.<\/span><\/p>\n<ol start=\"9\">\n<li><b>Como entrar em contato conosco<\/b><\/li>\n<\/ol>\n<p><span style=\"font-weight: 400;\">Para esclarecer quaisquer d\u00favidas sobre esta Pol\u00edtica de Privacidade ou sobre os dados pessoais que tratamos, entre em contato com nosso Encarregado de Prote\u00e7\u00e3o de Dados Pessoais, por algum dos canais mencionados abaixo:<\/span><\/p>\n<p><i><span style=\"font-weight: 400;\">E-mail<\/span><\/i><span style=\"font-weight: 400;\">: <\/span><a href=\"mailto:diretoria@klacon.com.br\"><span style=\"font-weight: 400;\">diretoria@klacon.com.br<\/span><\/a><span style=\"font-weight: 400;\">\u00a0<\/span><\/p>\n<p><span style=\"font-weight: 400;\">Endere\u00e7o postal: Rua Visconde de Piraj\u00e1, 330 \/\u00a0 sala 1112<\/span><\/p>\n<p><span style=\"font-weight: 400;\">Cep 22410.000<\/span><\/p>\n<p><span style=\"font-weight: 400;\">CNPJ: 27.652.858\/0001-97<\/span><\/p>\n","protected":false},"excerpt":{"rendered":"<p>Este site \u00e9 mantido e operado por KLACON ENGENHARIA LTDA. N\u00f3s coletamos e utilizamos alguns dados pessoais que pertencem \u00e0queles que utilizam nosso site. Ao faz\u00ea-lo, agimos na qualidade de controlador desses dados e estamos sujeitos \u00e0s disposi\u00e7\u00f5es da Lei Federal n. 13.709\/2018 (Lei Geral de Prote\u00e7\u00e3o de Dados Pessoais &#8211; LGPD). N\u00f3s cuidamos da&#8230;<\/p>\n","protected":false},"author":3,"featured_media":0,"parent":0,"menu_order":0,"comment_status":"closed","ping_status":"closed","template":"","meta":{"footnotes":""},"class_list":["post-2668","page","type-page","status-publish","hentry"],"_links":{"self":[{"href":"https:\/\/klacon.com.br\/novo\/wp-json\/wp\/v2\/pages\/2668"}],"collection":[{"href":"https:\/\/klacon.com.br\/novo\/wp-json\/wp\/v2\/pages"}],"about":[{"href":"https:\/\/klacon.com.br\/novo\/wp-json\/wp\/v2\/types\/page"}],"author":[{"embeddable":true,"href":"https:\/\/klacon.com.br\/novo\/wp-json\/wp\/v2\/users\/3"}],"replies":[{"embeddable":true,"href":"https:\/\/klacon.com.br\/novo\/wp-json\/wp\/v2\/comments?post=2668"}],"version-history":[{"count":4,"href":"https:\/\/klacon.com.br\/novo\/wp-json\/wp\/v2\/pages\/2668\/revisions"}],"predecessor-version":[{"id":2672,"href":"https:\/\/klacon.com.br\/novo\/wp-json\/wp\/v2\/pages\/2668\/revisions\/2672"}],"wp:attachment":[{"href":"https:\/\/klacon.com.br\/novo\/wp-json\/wp\/v2\/media?parent=2668"}],"curies":[{"name":"wp","href":"https:\/\/api.w.org\/{rel}","templated":true}]}}